{"id":7552,"date":"2021-08-01T12:00:20","date_gmt":"2021-08-01T10:00:20","guid":{"rendered":"http:\/\/fritzschumacher.de\/gesellschaft\/?page_id=7552"},"modified":"2026-02-26T20:31:38","modified_gmt":"2026-02-26T19:31:38","slug":"diskurs","status":"publish","type":"page","link":"http:\/\/fritzschumacher.de\/gesellschaft\/diskurs\/","title":{"rendered":"DISCUSSION"},"content":{"rendered":"<div class=\"wpb-content-wrapper\"><p>[vc_row][vc_column width=&#8220;1\/2&#8243;][vc_column_text css=&#8220;&#8220;]<\/p>\n<h1 style=\"font-weight: 500;\">Hamburger Architektur- und Stadtdiskurs<\/h1>\n<h3>4. Staffel | StadtBauKunst<\/h3>\n<p>Inspiriert von Fritz Schumachers Arbeit als K\u00fcnstler, Architekt und Stadtplaner untersucht die diesj\u00e4hrige Reihe die vielf\u00e4ltigen Beziehungen zwischen Kunst, Architektur und Stadt. Durch vier Abende mit je zwei Vortragenden wird das Thema aus unterschiedlichen Perspektiven beleuchtet.<\/p>\n<p>05.11.25 | 18:30 Uhr | Aula der HFBK<br \/>\nArt \/ Culture in Urban Transformation<br \/>\nDavid Kohn X raumlaborberlin<\/p>\n<p>10.12.25<br \/>\nBuilding(s) for the Arts<br \/>\n51N4E X Gigon Guyer<\/p>\n<p>22.01.26<br \/>\nArchitects as Artists<br \/>\nFrancesca Torzo X Gustav D\u00fcsing<\/p>\n<p>12.02.26<br \/>\nArchitecture as Public Art<br \/>\nAssemble X Mark Pimlott<\/p>\n<p>Wir danken der Beh\u00f6rde f\u00fcr Stadtentwicklung und Wohnen und der SAGA Unternehmensgruppe f\u00fcr die Kooperation und Unterst\u00fctzung!<\/p>\n<p>&nbsp;<\/p>\n<h3>3. Staffel | Magistralen<\/h3>\n<p>Dezember 2024 \u2013 April 2025<br \/>\nAn vier Abenden geht es unter der \u00dcberschrift MAGISTRALEN um gute, gro\u00dfe H\u00e4user an gro\u00dfen Stra\u00dfen und um urbanen Freiraum gehen. Wir schauen mit der Reihe ins europ\u00e4ische Ausland: in die Schweiz, nach Frankreich, Belgien und Gro\u00dfbritannien und je Abend sind zwei Planungsb\u00fcros eingeladen, \u00fcber ihr Werk zu sprechen. Wir danken der Beh\u00f6rde f\u00fcr Stadtentwicklung und Wohnen f\u00fcr die Kooperation und Unterst\u00fctzung!<\/p>\n<p>Am 10.04. um 18 Uhr finden die n\u00e4chsten Vortr\u00e4ge statt. Wir freuen uns auf Fiona Scott \/ Gort Scott, London und Hugo Braddick und Chris Fellner, Haworth Tompkins, London. Der Abend findet als Teil der Vernissage der Ausstellung STUDIO MAGISTRALE im Architektur Salon (bei den M\u00fchren 70) statt.<br \/>\nWir danken der Beh\u00f6rde f\u00fcr Stadtentwicklung und Wohnen f\u00fcr die Kooperation und Unterst\u00fctzung!<\/p>\n<p>05.12.24 Scheidegger Keller \/ Trachsler Hoffmann<\/p>\n<p>13.02.25 L\u00b4AUC \/ BAUKUNST<\/p>\n<p>06.03.25 \u00c9ric Lapierre \/ NP2F<\/p>\n<p>10.04.25 Gort Scott \/ Haworth Tompkins<\/p>\n<h3>2. Staffel | Bildung<\/h3>\n<h3>1. Staffel | Wohnen<\/h3>\n<p>Am 15.11.21 um 19.00 Uhr beginnt der Hamburger Architektur- und Stadtdiskurs FORDERUNGEN DER ZEIT zum \u00a0Thema Wohnen.\u00a0Philipp Esch \/ Esch Sintzel, Z\u00fcrich und Nils Buschmann ROBERTNEUN\u2122, Berlin werden Ihr Werk anhand der Gedanken Schumachers reflektieren und pr\u00e4sentieren.<br \/>\nOrt: livestream online, und Museum f\u00fcr Hamburgische Geschichte, gro\u00dfer Saal. Teilnahme im Saal nur mit vorheriger Anmeldung (gesellschaft@fritzschumacher.de) m\u00f6glich!<\/p>\n<p><a href=\"https:\/\/youtu.be\/o1HFsQh6Mlc\" target=\"_blank\" rel=\"noopener\"><strong>LINK ZUM LIVESTREAM<\/strong><\/a><\/p>\n<p><strong>15.11.21<\/strong><br \/>\nPhilipp Esch \/ Esch Sintzel, Zurich<br \/>\n(<a href=\"http:\/\/www.eschsintzel.ch\/\">www.eschsintzel.ch<\/a>)<br \/>\nNils Buschmann \/ ROBERTNEUN\u2122, Berlin<br \/>\n(<a href=\"http:\/\/www.robertneun.de\/\">www.robertneun.de<\/a>)<\/p>\n<p><strong>19.04.22\u00a0<\/strong><br \/>\nJitse van den Berg \/ noAarchitecten, Br\u00fcssel<br \/>\n(<a href=\"http:\/\/noaarchitecten.net\/\">noaarchitecten.net<\/a>)<br \/>\nSimon J\u00fcttner \/ Kofink Schels, M\u00fcnchen<br \/>\n(<a href=\"http:\/\/www.kofinkschels.de\/\">www.kofinkschels.de<\/a>)<\/p>\n<p><strong>12.05.22<\/strong><br \/>\nMaria Conen \/ ConenSigl, Zurich<br \/>\n(<a href=\"http:\/\/www.conensigl.com\/\">www.conensigl.com<\/a>)<br \/>\nAnne Julchen Bernhardt \/ BeL Soziet\u00e4t f\u00fcr Architektur, K\u00f6ln<br \/>\n(<a href=\"http:\/\/www.bel.cx\/\">www.bel.cx<\/a>)<\/p>\n<p><strong>09.06.22<\/strong><br \/>\nStephen Taylor \/ Stephen Taylor Architects, London<br \/>\n(<a href=\"http:\/\/www.stephentaylorarchitects.co.uk\">www.stephentaylorarchitects.co.uk<\/a>)<br \/>\nVerena von Beckerath \/ Heide &amp; von Beckerath, Berlin<br \/>\n(<a href=\"http:\/\/www.heidevonbeckerath.com\/\">www.heidevonbeckerath.com<\/a>)<\/p>\n<p><strong>29.05.22 \u00a0<\/strong><br \/>\nMary Duggan \/ Mary Duggan Architects, London<br \/>\n(<a href=\"http:\/\/www.marydugganarchitects.com\/\">www.marydugganarchitects.com<\/a>)<br \/>\nBernd Schmutz \/ Bernd Schmutz Architekten, Berlin<br \/>\n(<a href=\"http:\/\/www.berndschmutz.com\/\">www.berndschmutz.com<\/a>)<\/p>\n<p>&nbsp;<\/p>\n<p><strong>Konzeption und Organisation<\/strong><br \/>\nMichael\u00a0Biwer<br \/>\nTobias Goevert<br \/>\nEike\u00a0Harant<br \/>\nKatja-Annika\u00a0Pahl<br \/>\nThomas\u00a0V\u00f6llmar[\/vc_column_text][vc_column_text css=&#8220;.vc_custom_1634851516870{margin-top: 20px !important;}&#8220;][\/vc_column_text][vc_column_text]<strong>Wir danken den Unterst\u00fctzern und Sponsoren der Diskursreihe!<\/strong>[\/vc_column_text][\/vc_column][vc_column width=&#8220;1\/4&#8243;][\/vc_column][vc_column width=&#8220;1\/4&#8243;][\/vc_column][\/vc_row][vc_row][vc_column width=&#8220;1\/4&#8243;][vc_single_image image=&#8220;8059&#8243; img_size=&#8220;medium&#8220;][\/vc_column][vc_column width=&#8220;1\/4&#8243;][vc_single_image image=&#8220;8075&#8243; img_size=&#8220;medium&#8220;][\/vc_column][vc_column width=&#8220;1\/4&#8243;][\/vc_column][vc_column width=&#8220;1\/4&#8243;][\/vc_column][\/vc_row][vc_row][vc_column width=&#8220;1\/4&#8243;][vc_single_image image=&#8220;8014&#8243; img_size=&#8220;full&#8220;][\/vc_column][vc_column width=&#8220;1\/4&#8243;][vc_single_image image=&#8220;8015&#8243; img_size=&#8220;full&#8220;][\/vc_column][vc_column width=&#8220;1\/4&#8243;][\/vc_column][vc_column width=&#8220;1\/4&#8243;][\/vc_column][\/vc_row]<\/p>\n<\/div>","protected":false},"excerpt":{"rendered":"<p>[vc_row][vc_column width=&#8220;1\/2&#8243;][vc_column_text css=&#8220;&#8220;] Hamburger Architektur- und Stadtdiskurs 4. Staffel | StadtBauKunst Inspiriert von Fritz Schumachers Arbeit als K\u00fcnstler, Architekt und Stadtplaner untersucht die diesj\u00e4hrige Reihe die vielf\u00e4ltigen Beziehungen zwischen Kunst, Architektur und Stadt. Durch vier Abende mit je zwei Vortragenden wird das Thema aus unterschiedlichen Perspektiven beleuchtet. 05.11.25 | 18:30 Uhr | Aula der HFBK&hellip;<\/p>\n","protected":false},"author":1,"featured_media":0,"parent":0,"menu_order":16,"comment_status":"closed","ping_status":"closed","template":"","meta":{"_acf_changed":false,"footnotes":""},"class_list":["post-7552","page","type-page","status-publish","hentry"],"acf":[],"_links":{"self":[{"href":"http:\/\/fritzschumacher.de\/gesellschaft\/wp-json\/wp\/v2\/pages\/7552","targetHints":{"allow":["GET"]}}],"collection":[{"href":"http:\/\/fritzschumacher.de\/gesellschaft\/wp-json\/wp\/v2\/pages"}],"about":[{"href":"http:\/\/fritzschumacher.de\/gesellschaft\/wp-json\/wp\/v2\/types\/page"}],"author":[{"embeddable":true,"href":"http:\/\/fritzschumacher.de\/gesellschaft\/wp-json\/wp\/v2\/users\/1"}],"replies":[{"embeddable":true,"href":"http:\/\/fritzschumacher.de\/gesellschaft\/wp-json\/wp\/v2\/comments?post=7552"}],"version-history":[{"count":41,"href":"http:\/\/fritzschumacher.de\/gesellschaft\/wp-json\/wp\/v2\/pages\/7552\/revisions"}],"predecessor-version":[{"id":9176,"href":"http:\/\/fritzschumacher.de\/gesellschaft\/wp-json\/wp\/v2\/pages\/7552\/revisions\/9176"}],"wp:attachment":[{"href":"http:\/\/fritzschumacher.de\/gesellschaft\/wp-json\/wp\/v2\/media?parent=7552"}],"curies":[{"name":"wp","href":"https:\/\/api.w.org\/{rel}","templated":true}]}}